{"id":427396,"date":"2026-09-02T16:33:53","date_gmt":"2026-09-02T14:33:53","guid":{"rendered":"https:\/\/digalco.com\/tienda\/hp-elitebook-820-g4-125-recondicionado-core-i5-25ghz-8-gb-ram-256-gb-ssd-m2-1366x768-pt-5595\/"},"modified":"2026-09-02T16:34:10","modified_gmt":"2026-09-02T14:34:10","slug":"hp-elitebook-820-g4-125-recondicionado-core-i5-25ghz-8-gb-ram-256-gb-ssd-m2-1366x768-pt-5595","status":"publish","type":"product","link":"https:\/\/digalco.com\/pt-pt\/produto\/hp-elitebook-820-g4-125-recondicionado-core-i5-25ghz-8-gb-ram-256-gb-ssd-m2-1366x768-pt-5595\/","title":{"rendered":"HP Elitebook 820 G4 12.5&#8221; | Recondicionado | Core i5 2.5GHz | 8 GB RAM | 256 GB SSD M2 1366&#215;768"},"content":{"rendered":"<p><strong>Processador<\/strong><br \/>Intel Core i5 7200U 2.5 GHz.<br \/><strong>Mem\u00f3ria RAM<\/strong><br \/>8 Gb. SO-DDR4 RAM<br \/><strong>Disco r\u00edgido<\/strong><br \/>256 Gb. SSD M2<br \/><strong>Cart\u00f5es<\/strong><br \/>Placa gr\u00e1fica: Intel HD Graphics 620<br \/>Som: Bang Olufsen<br \/>Network: Intel I219-LM<br \/><strong>Sistema operativo<\/strong><br \/>Windows 10 Pro<br \/><strong>Portos<\/strong><br \/>2x USB 3.0<br \/>USB-C<br \/><strong>Tela<\/strong><br \/>Led 12.5 &#8221; HD 16:9  \u00b7 Resolu\u00e7\u00e3o 1366&#215;768<br \/><strong>Portas de v\u00eddeo<\/strong><br \/>VGA<br \/>Display Port<br \/><strong>Multim\u00eddia<\/strong><br \/>Webcam<br \/>Leitor SD<br \/>Leitor DNI<br \/><strong>Conectividade<\/strong><br \/>RJ-45<br \/>WIFI<br \/>Bluetooth<br \/><strong>Espec\u00edfico laptop<\/strong><br \/>Layout do teclado Internacional (adesivos espanhol)<br \/><strong>Outros<\/strong><br \/>hR embalagens<br \/><strong>Dimens\u00f5es<\/strong><br \/>31x22x2 cm.<br \/><strong>Peso<\/strong><br \/>1.25 Kg.<br \/><strong>Especifica\u00e7\u00f5es adicionais<\/strong><br \/>O HP EliteBook 820 G4 \u00e9 um port\u00e1til profissional de 12.5 &#8221; pensado para escrit\u00f3rio, gest\u00e3o administrativa, forma\u00e7\u00e3o e trabalho em mobilidade. Incorpora um processador Intel Core i5 7200U a 2.5 GHz., acompanhado de 8 Gb. SO-DDR4 RAM para trabalhar com aplica\u00e7\u00f5es de escrit\u00f3rio, e-mail, navega\u00e7\u00e3o, plataformas web e ferramentas de uso habitual. O armazenamento de 256 Gb. SSD M2 permite iniciar rapidamente o Windows 10 Pro e aceder de forma \u00e1gil a programas, documentos e ficheiros. O ecr\u00e3 Led de 12.5 &#8221; HD 16:9 com resolu\u00e7\u00e3o 1366&#215;768 mant\u00e9m dimens\u00f5es compactas, especialmente c\u00f3modas para utilizadores que precisam de transportar o equipamento com frequ\u00eancia ou trabalhar em espa\u00e7os reduzidos. Tamb\u00e9m incorpora Webcam para reuni\u00f5es, videochamadas e forma\u00e7\u00e3o \u00e0 dist\u00e2ncia, al\u00e9m de leitor SD para transferir ficheiros a partir de cart\u00f5es compat\u00edveis. O leitor DNI amplia as possibilidades para tarefas de identifica\u00e7\u00e3o e acesso a determinados servi\u00e7os. A combina\u00e7\u00e3o do processador Intel Core i5, dos 8 Gb. de mem\u00f3ria e do armazenamento SSD M2 oferece uma configura\u00e7\u00e3o funcional para as necessidades habituais de trabalho e estudo num formato leve e manej\u00e1vel.<br \/>Bom aspeto exterior. Pode apresentar ligeiras marcas de uso na carca\u00e7a. Veja em &#8220;+ Fotos&#8221; e &#8220;V\u00eddeo&#8221; e se tiver alguma d\u00favida ligue-nos ou use o nosso chat para ampliar a informa\u00e7\u00e3o ou solicitar mais detalhes.<br \/><strong>Coment\u00e1rios<\/strong><br \/><u>Teclado internacional com stickers em Portugu\u00eas<\/u><\/p>\n","protected":false},"excerpt":{"rendered":"<p>Intel Core i5 7200U 2.5 GHz. \u00b7 8 Gb. SO-DDR4 RAM \u00b7 256 Gb. SSD M2 \u00b7 Windows 10 Pro \u00b7 Led 12.5 &#8221; HD 16:9 \u00b7 Webcam \u00b7 <u>Teclado internacional com stickers em Portugu\u00eas<\/u> [&#8230;]<\/p>\n<p><a class=\"btn btn-secondary understrap-read-more-link\" href=\"https:\/\/digalco.com\/pt-pt\/produto\/hp-elitebook-820-g4-125-recondicionado-core-i5-25ghz-8-gb-ram-256-gb-ssd-m2-1366x768-pt-5595\/\">Continuar a ler&#8230;<span class=\"screen-reader-text\"> from HP Elitebook 820 G4 12.5&#8221; | Recondicionado | Core i5 2.5GHz | 8 GB RAM | 256 GB SSD M2 1366&#215;768<\/span><\/a><\/p>\n","protected":false},"featured_media":427355,"template":"","meta":[],"product_brand":[],"product_cat":[2429,4150,4190,4195,4185,4210,1515,4200],"product_tag":[],"class_list":["post-427396","product","type-product","status-publish","has-post-thumbnail","product_cat-laptops-11-12-pt","product_cat-laptops-12-polegadas-pt","product_cat-laptops-escritorio-pt","product_cat-laptops-estudantes-pt","product_cat-laptops-hp-pt","product_cat-laptops-intel-core-i5-pt","product_cat-laptops-pt","product_cat-laptops-profissionais-pt","first","instock","taxable","shipping-taxable","purchasable","product-type-simple"],"bundled_by":[],"bundle_stock_status":"instock","bundle_stock_quantity":1,"bundle_virtual":false,"bundle_layout":"","bundle_add_to_cart_form_location":"","bundle_editable_in_cart":false,"bundle_sold_individually_context":"","bundle_item_grouping":"","bundle_min_size":"","bundle_max_size":"","bundle_price":[],"bundled_items":[],"bundle_sell_ids":[],"exclude_global_add_ons":true,"addons":{"keyboard-iso-upgrades":{"name":"Selecione idioma teclado","type":"multiple_choice","position":0,"required":false,"title_format":"heading","default":"","description_enable":false,"description":"","placeholder_enable":false,"placeholder":"","display":"radiobutton","restrictions_type":"any_text","adjust_price":false,"price":"","price_type":"quantity_based","restrictions":false,"min":"0","max":"0","options":[{"label":"Pegatinas Espanhol [AMP00082]","price":"0.0000","price_type":"quantity_based","image":0,"visibility":true},{"label":"Pegatinas Franc\u00e9s [AMP00084]","price":"0.0000","price_type":"quantity_based","image":0,"visibility":true},{"label":"Pegatinas Portugues [AMP00083]","price":"0.0000","price_type":"quantity_based","image":0,"visibility":true}]},"ram-memory-upgrades":{"name":"Extens\u00e3o RAM","type":"multiple_choice","position":0,"required":false,"title_format":"heading","default":"","description_enable":false,"description":"","placeholder_enable":false,"placeholder":"","display":"radiobutton","restrictions_type":"any_text","adjust_price":false,"price":"","price_type":"quantity_based","restrictions":false,"min":"0","max":"0","options":[{"label":"Extens\u00e3o SO-DIMM RAM 16 Gb DDR4 [AMP00081]","price":"60.0000","price_type":"quantity_based","image":0,"visibility":true}]},"hdd-upgrades":{"name":"Extens\u00e3o disco r\u00edgido","type":"multiple_choice","position":0,"required":false,"title_format":"heading","default":"","description_enable":false,"description":"","placeholder_enable":false,"placeholder":"","display":"radiobutton","restrictions_type":"any_text","adjust_price":false,"price":"","price_type":"quantity_based","restrictions":false,"min":"0","max":"0","options":[{"label":"Cambio a Disco SSD 500 Gb. M.2 2280 PCIe [AMP00106]","price":"110.0000","price_type":"quantity_based","image":0,"visibility":true},{"label":"Cambio a Disco SSD 1 Tb. M.2 2280 PCIe [AMP00107]","price":"150.0000","price_type":"quantity_based","image":0,"visibility":true}]},"os-upgrades":{"name":"Extens\u00e3o OS","type":"multiple_choice","position":0,"required":false,"title_format":"heading","default":"","description_enable":false,"description":"","placeholder_enable":false,"placeholder":"","display":"radiobutton","restrictions_type":"any_text","adjust_price":false,"price":"","price_type":"quantity_based","restrictions":false,"min":"0","max":"0","options":[{"label":"Alterar idioma para ingl\u00eas [AMP00008]","price":"0.0000","price_type":"quantity_based","image":0,"visibility":true},{"label":"Alterar idioma para o portugu\u00eas [AMP00009]","price":"0.0000","price_type":"quantity_based","image":0,"visibility":true},{"label":"Alterar idioma para franc\u00eas [AMP00125]","price":"0.0000","price_type":"quantity_based","image":0,"visibility":true}]},"briefcase-upgrades":{"name":"Maleta","type":"multiple_choice","position":0,"required":false,"title_format":"heading","default":"","description_enable":false,"description":"","placeholder_enable":false,"placeholder":"","display":"radiobutton","restrictions_type":"any_text","adjust_price":false,"price":"","price_type":"quantity_based","restrictions":false,"min":"0","max":"0","options":[{"label":"Maleta Port\u00e1til [AMP00041]","price":"5.0000","price_type":"quantity_based","image":0,"visibility":true}]}},"df_price":150,"df_sale_price":"","df_regular_price":150,"df_image_link":"https:\/\/digalco.com\/wp-content\/uploads\/images\/product\/5595\/hp01184_01-300x225.jpg","_links":{"self":[{"href":"https:\/\/digalco.com\/pt-pt\/wp-json\/wp\/v2\/product\/427396","targetHints":{"allow":["GET"]}}],"collection":[{"href":"https:\/\/digalco.com\/pt-pt\/wp-json\/wp\/v2\/product"}],"about":[{"href":"https:\/\/digalco.com\/pt-pt\/wp-json\/wp\/v2\/types\/product"}],"wp:featuredmedia":[{"embeddable":true,"href":"https:\/\/digalco.com\/pt-pt\/wp-json\/wp\/v2\/media\/427355"}],"wp:attachment":[{"href":"https:\/\/digalco.com\/pt-pt\/wp-json\/wp\/v2\/media?parent=427396"}],"wp:term":[{"taxonomy":"product_brand","embeddable":true,"href":"https:\/\/digalco.com\/pt-pt\/wp-json\/wp\/v2\/product_brand?post=427396"},{"taxonomy":"product_cat","embeddable":true,"href":"https:\/\/digalco.com\/pt-pt\/wp-json\/wp\/v2\/product_cat?post=427396"},{"taxonomy":"product_tag","embeddable":true,"href":"https:\/\/digalco.com\/pt-pt\/wp-json\/wp\/v2\/product_tag?post=427396"}],"curies":[{"name":"wp","href":"https:\/\/api.w.org\/{rel}","templated":true}]}}